{"id":10773,"date":"2018-10-10T10:08:04","date_gmt":"2018-10-10T10:08:04","guid":{"rendered":"http:\/\/kanni.local\/?page_id=10773"},"modified":"2026-04-16T12:02:00","modified_gmt":"2026-04-16T12:02:00","slug":"privacy-policy","status":"publish","type":"page","link":"https:\/\/intqs.eu\/de\/privacy-policy\/","title":{"rendered":"Privacy Policy"},"content":{"rendered":"<h2>Kim jeste\u015bmy<\/h2>\n<div class=\"dt-sc-contact-info simple\">Intiger Sp. z o.o.<br \/>\nNIP 386 552 565<br \/>\n53-238 Wroc\u0142aw, Poland<br \/>\nul. Ostrowskiego 7\/033<br \/>\n<a href=\"mailto:biuro@intqs.eu\">biuro@intqs.eu<\/a><\/div>\n<div class=\"dt-sc-contact-info simple\"><a href=\"mailto:biuro@intiger.eu\">biuro@intiger.eu<\/a><\/div>\n<div class=\"dt-sc-contact-info simple\">+48 573 207 275<\/div>\n<div class=\"dt-sc-contact-info simple\"><\/div>\n<h2><\/h2>\n<h2>Jakie dane osobiste zbieramy i dlaczego je zbieramy<\/h2>\n<p>Dane osobowe na stronie przetwarzane s\u0105 przez Administratora zgodnie z obowi\u0105zuj\u0105cymi przepisami prawa, w szczeg\u00f3lno\u015bci zgodnie z rozporz\u0105dzeniem Parlamentu Europejskiego i Rady (UE) 2016\/679 z dnia 27 kwietnia 2016 r. w sprawie ochrony os\u00f3b fizycznych w zwi\u0105zku z przetwarzaniem danych osobowych i w sprawie swobodnego przep\u0142ywu takich danych oraz uchylenia dyrektywy 95\/46\/WE (og\u00f3lne rozporz\u0105dzenie o ochronie danych) \u2013 zwane dalej \u201e<strong>RODO<\/strong>\u201d lub \u201e<strong>Rozporz\u0105dzenie RODO<\/strong>\u201d. Oficjalny tekst Rozporz\u0105dzenia RODO:\u00a0<a href=\"http:\/\/eur-lex.europa.eu\/legal-content\/PL\/TXT\/?uri=CELEX%3A32016R0679\" target=\"_blank\" rel=\"noopener\">http:\/\/eur-lex.europa.eu\/legal-content\/PL\/TXT\/?uri=CELEX%3A32016R0679<\/a><\/p>\n<h3>Komentarze<\/h3>\n<p>Kiedy odwiedzaj\u0105cy witryn\u0119 zostawia komentarz, zbieramy dane widoczne w formularzu komentowania, jak i adres IP odwiedzaj\u0105cego oraz podpis jego przegl\u0105darki jako pomoc przy wykrywaniu spamu.<\/p>\n<p>Zanonimizowany ci\u0105g znak\u00f3w stworzony na podstawie twojego adresu email (tak zwany hash) mo\u017ce zosta\u0107 przes\u0142any do us\u0142ugi Gravatar w celu sprawdzenia czy jej u\u017cywasz. Polityka prywatno\u015bci us\u0142ugi Gravatar jest dost\u0119pna tutaj: https:\/\/automattic.com\/privacy\/. Po zatwierdzeniu komentarza tw\u00f3j obrazek profilowy jest widoczny publicznie w kontek\u015bcie twojego komentarza.<\/p>\n<h3>Formularz kontaktowe<\/h3>\n<p>W celu zapewnienia Pa\u0144stwu mo\u017cliwo\u015bci kontaktu udost\u0119pniono formularze kontaktowe.\u00a0 Podanie danych osobowych, a tak\u017ce zgoda na ich przetwarzanie s\u0105 ca\u0142kowicie dobrowolne, ale we wskazanym zakresie (oznaczone w formularzach jako wymagane) niezb\u0119dne do obs\u0142ugi Pa\u0144stwa zapytania lub \u015bwiadczenia us\u0142ugi.<\/p>\n<h3>Ciasteczka<\/h3>\n<p>Pliki Cookies (ciasteczka) s\u0105 to niewielkie informacje tekstowe w postaci plik\u00f3w tekstowych, wysy\u0142ane przez serwer i zapisywane po stronie osoby odwiedzaj\u0105cej stron\u0119 (np. na dysku twardym komputera, laptopa, czy te\u017c na karcie pami\u0119ci smartfona \u2013 w zale\u017cno\u015bci z jakiego urz\u0105dzenia korzysta odwiedzaj\u0105cy nasz\u0105 stron\u0119). Szczeg\u00f3\u0142owe informacje dot. plik\u00f3w Cookies, a tak\u017ce histori\u0119 ich powstania mo\u017cna znale\u017a\u0107 m.in. tutaj: http:\/\/pl.wikipedia.org\/wiki\/Ciasteczko.<\/p>\n<p>Je\u015bli masz konto i zalogujesz si\u0119 na tej witrynie, utworzymy tymczasowe ciasteczko na potrzeby sprawdzenia czy twoja przegl\u0105darka akceptuje ciasteczka. To ciasteczko nie zawiera \u017cadnych danych osobistych i zostanie wyrzucone kiedy zamkniesz przegl\u0105dark\u0119.<\/p>\n<p>Podczas logowania tworzymy dodatkowo kilka ciasteczek potrzebnych do zapisu twoich informacji logowania oraz wybranych opcji ekranu. Ciasteczka logowania wygasaj\u0105 po dw\u00f3ch dniach, a opcji ekranu po roku. Je\u015bli zaznaczysz opcj\u0119 \u201ePami\u0119taj mnie\u201d, logowanie wyga\u015bnie po dw\u00f3ch tygodniach. Je\u015bli wylogujesz si\u0119 ze swojego konta, ciasteczka logowania zostan\u0105 usuni\u0119te.<\/p>\n<p>Je\u015bli zmodyfikujesz albo opublikujesz artyku\u0142, w twojej przegl\u0105darce zostanie zapisane dodatkowe ciasteczko. To ciasteczko nie zawiera \u017cadnych danych osobistych, wskazuj\u0105c po prostu na identyfikator przed chwil\u0105 edytowanego artyku\u0142u. Wygasa ono po 1 dniu.<\/p>\n<h3>Osadzone tre\u015bci z innych witryn<\/h3>\n<p>Artyku\u0142y na tej witrynie mog\u0105 zawiera\u0107 osadzone tre\u015bci (np. filmy, obrazki, artyku\u0142y itp.). Osadzone tre\u015bci z innych witryn zachowuj\u0105 si\u0119 analogicznie do tego, jakby u\u017cytkownik odwiedzi\u0142 bezpo\u015brednio konkretn\u0105 witryn\u0119.<\/p>\n<p>Witryny mog\u0105 zbiera\u0107 informacje o tobie, u\u017cywa\u0107 ciasteczek, do\u0142\u0105cza\u0107 dodatkowe, zewn\u0119trzne systemy \u015bledzenia i monitorowa\u0107 twoje interakcje z osadzonym materia\u0142em, w\u0142\u0105czaj\u0105c w to \u015bledzenie twoich interakcji z osadzonym materia\u0142em je\u015bli posiadasz konto i jeste\u015b zalogowany w tamtej witrynie.<\/p>\n<h3>Analytics<\/h3>\n<p>Statystyczne pliki cookie pomagaj\u0105 w\u0142a\u015bcicielem stron internetowych zrozumie\u0107, w jaki spos\u00f3b r\u00f3\u017cni u\u017cytkownicy zachowuj\u0105 si\u0119 na stronie, gromadz\u0105c i zg\u0142aszaj\u0105c anonimowe informacje. Administrator mo\u017ce korzysta\u0107 na stronie z us\u0142ug Google Analytics, Universal Analytics dostarczanych przez firm\u0119 Google Inc. (1600 Amphitheatre Parkway, Mountain View, CA 94043, USA. Us\u0142ugi te pomagaj\u0105 Administratorowi analizowa\u0107 ruch na stronie. Gromadzone dane przetwarzane s\u0105 w ramach powy\u017cszych us\u0142ug w spos\u00f3b zanonimizowany (s\u0105 to tzw. dane eksploatacyjne, kt\u00f3re uniemo\u017cliwiaj\u0105 identyfikacj\u0119 osoby) do generowania statystyk pomocnych w administrowaniu stron\u0105. Dane te maj\u0105 charakter zbiorczy i anonimowy, tj. nie zawieraj\u0105 cech identyfikuj\u0105cych (danych osobowych) osoby odwiedzaj\u0105ce stron\u0119. Administrator korzystaj\u0105c z powy\u017cszych us\u0142ug na stronie gromadzi takie dane jak \u017ar\u00f3d\u0142a i medium pozyskania odwiedzj\u0105cych stron\u0119 oraz spos\u00f3b ich zachowania na stronie, informacje na temat urz\u0105dze\u0144 i przegl\u0105darek z kt\u00f3rych odwiedzaj\u0105 stron\u0119, IP oraz domen\u0119, dane geograficzne oraz dane demograficzne (wiek, p\u0142e\u0107) i zainteresowania.<\/p>\n<h2>Who we share your data with<\/h2>\n<h2>Jak d\u0142ugo przechowujemy twoje dane<\/h2>\n<p>Je\u015bli zostawisz komentarz, jego tre\u015b\u0107 i metadane b\u0119d\u0105 przechowywane przez czas nieokre\u015blony. Dzi\u0119ki temu jeste\u015bmy w stanie rozpoznawa\u0107 i zatwierdza\u0107 kolejne komentarze automatycznie, bez wysy\u0142ania ich do ka\u017cdorazowej moderacji.<\/p>\n<p>Dla u\u017cytkownik\u00f3w kt\u00f3rzy zarejestrowali si\u0119 na naszej stronie internetowej (je\u015bli tacy s\u0105), przechowujemy r\u00f3wnie\u017c informacje osobiste wprowadzone w profilu. Ka\u017cdy u\u017cytkownik mo\u017ce dokona\u0107 wgl\u0105du, korekty albo skasowa\u0107 swoje informacje osobiste w dowolnej chwili (nie licz\u0105c nazwy u\u017cytkownika, kt\u00f3rej nie mo\u017cna zmieni\u0107). Administratorzy strony r\u00f3wnie\u017c mog\u0105 przegl\u0105da\u0107 i modyfikowa\u0107 te informacje.<\/p>\n<h2>Jakie masz prawa do swoich danych<\/h2>\n<p>Je\u015bli masz konto u\u017cytkownika albo doda\u0142e\u015b komentarze w tej witrynie, mo\u017cesz za\u017c\u0105da\u0107 dostarczenia pliku z wyeksportowanym kompletem twoich danych osobistych b\u0119d\u0105cych w naszym posiadaniu, w tym ca\u0142o\u015b\u0107 tych dostarczonych przez ciebie. Mo\u017cesz r\u00f3wnie\u017c za\u017c\u0105da\u0107 usuni\u0119cia przez nas ca\u0142o\u015bci twoich danych osobistych w naszym posiadaniu. Nie dotyczy to \u017cadnych danych kt\u00f3re jeste\u015bmy zobligowani zachowa\u0107 ze wzgl\u0119d\u00f3w administracyjnych, prawnych albo bezpiecze\u0144stwa.<\/p>\n<h2>Gdzie przesy\u0142amy dane<\/h2>\n<p>Komentarze go\u015bci mog\u0105 by\u0107 sprawdzane za pomoc\u0105 automatycznej us\u0142ugi wykrywania spamu.<\/p>\n<h2>Nasze dane kontaktowe<\/h2>\n<div class=\"dt-sc-contact-info simple\">Intiger Sp. z o.o.<br \/>\nNIP 386 552 565<br \/>\n53-238 Wroc\u0142aw, Poland<br \/>\nul. Ostrowskiego 7\/033<br \/>\n<a href=\"mailto:biuro@intqs.eu\">biuro@intqs.eu<\/a><\/div>\n<div class=\"dt-sc-contact-info simple\"><a href=\"mailto:biuro@intiger.eu\">biuro@intiger.eu<\/a><\/div>\n<div class=\"dt-sc-contact-info simple\">+48 573 207 275<\/div>\n<div class=\"dt-sc-contact-info simple\">+48 607 507 777<\/div>\n<h2>Informacje dodatkowe<\/h2>\n<h3>Jak chronimy twoje dane?<\/h3>\n<p>Administrator dok\u0142ada szczeg\u00f3lnej staranno\u015bci w celu ochrony interes\u00f3w os\u00f3b, kt\u00f3rych przetwarzane przez niego dane osobowe dotycz\u0105, a w szczeg\u00f3lno\u015bci jest odpowiedzialny i zapewnia, \u017ce zbierane przez niego dane s\u0105: (1) przetwarzane zgodnie z prawem; (2) zbierane dla oznaczonych, zgodnych z prawem cel\u00f3w i niepoddawane dalszemu przetwarzaniu niezgodnemu z tymi celami; (3) merytorycznie poprawne i adekwatne w stosunku do cel\u00f3w, w jakich s\u0105 przetwarzane; (4) przechowywane w postaci umo\u017cliwiaj\u0105cej identyfikacj\u0119 os\u00f3b, kt\u00f3rych dotycz\u0105, nie d\u0142u\u017cej ni\u017c jest to niezb\u0119dne do osi\u0105gni\u0119cia celu przetwarzania oraz (5) przetwarzane\u00a0 w\u00a0 spos\u00f3b\u00a0 zapewniaj\u0105cy\u00a0 odpowiednie\u00a0 bezpiecze\u0144stwo\u00a0 danych\u00a0 osobowych,\u00a0 w\u00a0 tym\u00a0 ochron\u0119\u00a0 przed niedozwolonym\u00a0 lub\u00a0 niezgodnym\u00a0 z\u00a0 prawem\u00a0 przetwarzaniem\u00a0 oraz\u00a0 przypadkow\u0105\u00a0 utrat\u0105,\u00a0 zniszczeniem\u00a0 lub uszkodzeniem, za pomoc\u0105 odpowiednich \u015brodk\u00f3w technicznych lub organizacyjnych.<\/p>\n<h3>Jakie mamy obowi\u0105zuj\u0105ce procedury w przypadku naruszenia prywatno\u015bci danych<\/h3>\n<p>Uwzgl\u0119dniaj\u0105c charakter, zakres, kontekst i cele przetwarzania oraz ryzyko naruszenia praw lub wolno\u015bci os\u00f3b fizycznych o r\u00f3\u017cnym prawdopodobie\u0144stwie i wadze zagro\u017cenia, Administrator wdra\u017ca odpowiednie \u015brodki techniczne i\u00a0organizacyjne, aby przetwarzanie odbywa\u0142o si\u0119 zgodnie z niniejszym rozporz\u0105dzeniem i aby m\u00f3c to wykaza\u0107. \u015arodki te s\u0105 w razie potrzeby poddawane przegl\u0105dom i uaktualniane. Administrator stosuje \u015brodki techniczne zapobiegaj\u0105ce pozyskiwaniu i modyfikowaniu przez osoby nieuprawnione, danych osobowych przesy\u0142anych drog\u0105 elektroniczn\u0105.<\/p>\n<h2>Z kim dzielimy si\u0119 danymi<\/h2>\n<p>Dla prawid\u0142owego funkcjonowania strony, konieczne jest korzystanie przez Administratora z us\u0142ug podmiot\u00f3w zewn\u0119trznych. Administrator korzysta wy\u0142\u0105cznie z us\u0142ug takich podmiot\u00f3w przetwarzaj\u0105cych, kt\u00f3rzy zapewniaj\u0105 wystarczaj\u0105ce gwarancje wdro\u017cenia odpowiednich \u015brodk\u00f3w technicznych i organizacyjnych, tak by przetwarzanie spe\u0142nia\u0142o wymogi Rozporz\u0105dzenia RODO i chroni\u0142o prawa os\u00f3b, kt\u00f3rych dane dotycz\u0105.<\/p>\n<h3>Jakie automatyczne podejmowanie decyzji i\/lub tworzenie profili przeprowadzamy z u\u017cyciem danych u\u017cytkownika<\/h3>\n<p>Rozporz\u0105dzenie RODO nak\u0142ada na Administratora obowi\u0105zek informowania o zautomatyzowanym podejmowaniu decyzji, w tym o profilowaniu, o kt\u00f3rym mowa w art. 22 ust. 1 i 4 Rozporz\u0105dzenia RODO, oraz \u2013 przynajmniej w tych przypadkach \u2013 istotne informacje o zasadach ich podejmowania, a tak\u017ce o znaczeniu i przewidywanych konsekwencjach takiego przetwarzania dla osoby, kt\u00f3rej dane dotycz\u0105. Maj\u0105c to na uwadze Administrator podaje w\u00a0tym punkcie polityki prywatno\u015bci informacje dotycz\u0105ce mo\u017cliwego profilowania.<\/p>\n<h3>Bran\u017cowe wymogi regulacyjne dotycz\u0105ce ujawniania informacji<\/h3>\n<p><strong>Prawo dost\u0119pu, sprostowania, ograniczenia, usuni\u0119cia lub przenoszenia\u00a0<\/strong>\u2013 osoba, kt\u00f3rej dane dotycz\u0105, ma prawo \u017c\u0105dania od Administratora dost\u0119pu do swoich danych osobowych, ich sprostowania, usuni\u0119cia (\u201eprawo do bycia zapomnianym\u201d) lub ograniczenia przetwarzania oraz ma prawo do wniesienia sprzeciwu wobec przetwarzania, a tak\u017ce ma prawo do przenoszenia swoich danych. Szczeg\u00f3\u0142owe warunki wykonywania wskazanych wy\u017cej praw wskazane s\u0105 w art. 15-21 Rozporz\u0105dzenia RODO.<\/p>\n<p><strong>Prawo do cofni\u0119cia zgody w dowolnym momencie<\/strong>\u00a0\u2013 osoba, kt\u00f3rej dane przetwarzane s\u0105 przez Administratora na podstawie wyra\u017conej zgody (na podstawie art. 6 ust. 1 lit. a) lub art. 9 ust. 2 lit. a) Rozporz\u0105dzenia RODO), to ma ona prawo do cofni\u0119cia zgody w dowolnym momencie bez wp\u0142ywu na zgodno\u015b\u0107 z prawem przetwarzania, kt\u00f3rego dokonano na podstawie zgody przed jej cofni\u0119ciem.<\/p>\n<p><strong>Prawo wniesienia skargi do organu nadzorczego<\/strong>\u00a0\u2013 osoba, kt\u00f3rej dane przetwarzane s\u0105 przez Administratora, ma prawo wniesienia skargi do organu nadzorczego w spos\u00f3b i trybie okre\u015blonym w przepisach Rozporz\u0105dzenia RODO oraz prawa polskiego, w szczeg\u00f3lno\u015bci ustawy o ochronie danych osobowych. Organem nadzorczym w Polsce jest Prezes Urz\u0119du Ochrony Danych Osobowych.<\/p>\n<p><strong>prawo do sprzeciwu<\/strong>\u00a0\u2013 osoba, kt\u00f3rej dane dotycz\u0105, ma prawo w dowolnym momencie wnie\u015b\u0107 sprzeciw \u2013 z przyczyn zwi\u0105zanych z jej szczeg\u00f3ln\u0105 sytuacj\u0105 \u2013 wobec przetwarzania dotycz\u0105cych jej danych osobowych opartego na\u00a0art.\u00a06\u00a0ust. 1 lit. e) (interes lub zadania publiczne) lub f) (prawnie uzasadniony interes administratora), w tym profilowania na podstawie tych przepis\u00f3w. Administratorowi w takim przypadku nie wolno ju\u017c przetwarza\u0107 tych danych osobowych, chyba \u017ce wyka\u017ce on istnienie wa\u017cnych prawnie uzasadnionych podstaw do przetwarzania, nadrz\u0119dnych wobec interes\u00f3w, praw i wolno\u015bci osoby, kt\u00f3rej dane dotycz\u0105, lub podstaw do ustalenia, dochodzenia lub obrony roszcze\u0144.<\/p>","protected":false},"excerpt":{"rendered":"<p>Kim jeste\u015bmy Intiger Sp. z o.o. NIP 386 552 565 53-238 Wroc\u0142aw, Poland ul. Ostrowskiego 7\/033 biuro@intqs.eu biuro@intiger.eu +48 573 207 275 Jakie dane osobiste zbieramy i dlaczego je zbieramy Dane osobowe na stronie przetwarzane s\u0105 przez Administratora zgodnie z obowi\u0105zuj\u0105cymi przepisami prawa, w szczeg\u00f3lno\u015bci zgodnie z rozporz\u0105dzeniem Parlamentu Europejskiego i Rady (UE) 2016\/679 z [&hellip;]<\/p>","protected":false},"author":1,"featured_media":0,"parent":0,"menu_order":0,"comment_status":"closed","ping_status":"closed","template":"","meta":{"footnotes":""},"class_list":["post-10773","page","type-page","status-publish","hentry"],"_links":{"self":[{"href":"https:\/\/intqs.eu\/de\/wp-json\/wp\/v2\/pages\/10773","targetHints":{"allow":["GET"]}}],"collection":[{"href":"https:\/\/intqs.eu\/de\/wp-json\/wp\/v2\/pages"}],"about":[{"href":"https:\/\/intqs.eu\/de\/wp-json\/wp\/v2\/types\/page"}],"author":[{"embeddable":true,"href":"https:\/\/intqs.eu\/de\/wp-json\/wp\/v2\/users\/1"}],"replies":[{"embeddable":true,"href":"https:\/\/intqs.eu\/de\/wp-json\/wp\/v2\/comments?post=10773"}],"version-history":[{"count":7,"href":"https:\/\/intqs.eu\/de\/wp-json\/wp\/v2\/pages\/10773\/revisions"}],"predecessor-version":[{"id":11320,"href":"https:\/\/intqs.eu\/de\/wp-json\/wp\/v2\/pages\/10773\/revisions\/11320"}],"wp:attachment":[{"href":"https:\/\/intqs.eu\/de\/wp-json\/wp\/v2\/media?parent=10773"}],"curies":[{"name":"wp","href":"https:\/\/api.w.org\/{rel}","templated":true}]}}